{"id":95,"date":"2022-01-27T10:58:29","date_gmt":"2022-01-27T10:58:29","guid":{"rendered":"http:\/\/cognito.mprinsdesign.nl\/?page_id=95"},"modified":"2026-03-05T19:10:23","modified_gmt":"2026-03-05T19:10:23","slug":"der-komplex","status":"publish","type":"page","link":"https:\/\/salvia-sanpedro.com\/de\/der-komplex\/","title":{"rendered":"Salvia San Pedro"},"content":{"rendered":"<section class=\"wpb-content-wrapper\"><div  class=\"content_row row page-content vc_row wpb_row  default-style fullwidth\" >\n\t\n\t<div class=\"content_row_wrapper  default\" >\n\t<div id=\"asdasd\" class=\"vc_col-sm-12 wpb_column vc_column_container\" >\n\t<div class=\"vc_column-inner\">\n\t\t<div class=\"wpb_wrapper\" >\n\t\t\t<div class=\"rt_heading_wrapper no-style\">\n\t\t\t\t\t\t<h1 class=\"rt_heading  no-style\"  style=\"font-size:24px;margin-top:24px;margin-bottom:0px;\">Salvia \u2013 San Pedro \u2013 <span class=\"after_h1\">Benalm\u00e1dena. Ab 630.000 \u20ac (10\/25)<\/span><\/h1> \n\t\t\t\t\t<\/div><div class=\"vc_empty_space\"   style=\"height: 32px\"><span class=\"vc_empty_space_inner\"><\/span><\/div><div class=\"vc_separator wpb_content_element vc_separator_align_center vc_sep_width_100 vc_sep_style-4 vc_sep_pos_align_center vc_separator_no_text vc_sep_color_grey\" ><span class=\"vc_sep_holder vc_sep_holder_l\"><span class=\"vc_sep_line\"><\/span><\/span><span class=\"vc_sep_holder vc_sep_holder_r\"><span class=\"vc_sep_line\"><\/span><\/span>\n<\/div><div class=\"vc_empty_space\"   style=\"height: 32px\"><span class=\"vc_empty_space_inner\"><\/span><\/div>\n\t<div class=\"wpb_text_column wpb_content_element\" >\n\t\t<div class=\"wpb_wrapper\">\n\t\t\t<div class=\"\">\n<p><span style=\"font-weight: 400;\">Salvia San Pedro ist eine exklusive Wohnanlage in San Pedro de Alcantaria im Herzen der Costa del Sol. Ein Resort nur wenige Gehminuten vom Strand und dem Meer entfernt und in der N\u00e4he von Marbella und Puerto Banus. Dieser moderne Wohnkomplex bietet eine einzigartige Kombination aus Design, Komfort und Zugang zu wundersch\u00f6nen Str\u00e4nden wie dem Strand von San Pedro und Playa de Cortijo Blanco.<\/span><\/p>\n<p><b>\u00dcBER DAS BEACH RESORT SALVIA SAN PEDRO<\/b><\/p>\n<p>&nbsp;<\/p>\n<p><b><i>Exklusive Wohnanlage, in der Sie Freunde finden<\/i><\/b><\/p>\n<p><span style=\"font-weight: 400;\">Die Bewohner von Sslvia San Predro <\/span><span style=\"font-weight: 400;\">sind Teil einer exklusiven und herzlichen Wohngemeinschaft. Die Gemeinschaftsr\u00e4ume sind ein wichtiger Teil dieser Philosophie, von den modernen Co-Working-Bereichen \u00fcber den erfrischenden Poolbereich bis hin zu den \u00fcppigen gr\u00fcnen G\u00e4rten und einem voll ausgestatteten Fitnessraum. Alles darauf ausgelegt, Verbindungen zu schaffen und Ihr Wohlbefinden zu f\u00f6rdern. Ihr eigenes, vertrautes Wohngebiet mit einem hohen Ma\u00df an sozialem Zusammenhalt; ein Gef\u00fchl von Sicherheit, Zusammenhalt und viele Orte der gegenseitigen Begegnung.\u00a0<\/span><\/p>\n<p>&nbsp;<\/p>\n<p><b><i>Eine nachhaltige und hochwertige Konstruktion\u00a0<\/i><\/b><\/p>\n<p><span style=\"font-weight: 400;\">Salvia San Pedro wurde mit Blick auf Qualit\u00e4t und Nachhaltigkeit gebaut und bietet eine Reihe von Einrichtungen und Annehmlichkeiten, die das Leben seiner Bewohner bereichern sollen.\u00a0<\/span><\/p>\n<p><span style=\"font-weight: 400;\">Der Komplex Salvia San Pedro ist ein Beispiel moderner Eleganz, entworfen mit viel Liebe zum Detail und einem unvergleichlichen Wohnerlebnis. Die Apartments sind ger\u00e4umig und verf\u00fcgen \u00fcber hohe Decken und gro\u00dfe Fenster, die nat\u00fcrliches Licht hereinlassen und den Bewohnern eine atemberaubende Aussicht bieten. Jedes Haus bietet einen nahtlosen \u00dcbergang vom Innen- zum Au\u00dfenbereich mit gro\u00dfz\u00fcgigen privaten Terrassen, die zum Entspannen in der sanften Meeresbrise einladen.<\/span><\/p>\n<p><span style=\"font-weight: 400;\">Nur wenige Premium-Luxus-Apartmentkomplexe k\u00f6nnen sich der Qualit\u00e4t der Spezifikationen r\u00fchmen, die das Marbella Beach Resort bietet. Materialien und Zubeh\u00f6r sind von bester Qualit\u00e4t, von der aerothermischen Klimaanlage bis hin zu gro\u00dfen Bodenfliesen, Designerk\u00fcchen, hochwertigen Ger\u00e4ten, Badaccessoires und Einrichtungsgegenst\u00e4nden in den Wohnungen. Edle Materialien wie Holz und Stein erg\u00e4nzen das zeitgem\u00e4\u00dfe Design und laden ein attraktives Gef\u00fchl nat\u00fcrlicher W\u00e4rme in die Vision ein.<\/span><\/p>\n<p><span style=\"font-weight: 400;\">Das moderne Design, \u00fcppiges Gr\u00fcn mit einheimischen Pflanzen und nachhaltige Einrichtungen f\u00fcgen sich nahtlos zusammen und setzen einen Goldstandard in Sachen Luxus und Ruhe.\u00a0<\/span><\/p>\n<p>&nbsp;<\/p>\n<p><b>Gemeinschaftsr\u00e4ume mit umfangreichen Einrichtungen in einer gr\u00fcnen Oase<\/b><\/p>\n<p><i><span style=\"font-weight: 400;\">Salzwasserschwimmbad mit Kinderbecken<\/span><\/i><\/p>\n<p><span style=\"font-weight: 400;\">Der nachhaltige Salzwasserpool ist das ganze Jahr \u00fcber eine einladende Attraktion, er spiegelt das Blau des mediterranen Himmels wider und die \u00fcppigen Gr\u00fcnfl\u00e4chen der G\u00e4rten f\u00fcgen sich nahtlos in die gr\u00fcne Umgebung ein. Jede Nuance wurde sorgf\u00e4ltig ausgew\u00e4hlt, um diesen Zufluchtsort der Ruhe und Harmonie zu schaffen. Nehmen Sie ein erfrischendes Bad im kristallklaren Wasser des Pools oder genie\u00dfen Sie die Sonne auf der gro\u00dfz\u00fcgigen Sonnenterrasse, w\u00e4hrend die Kleinen im sicheren Kinderbecken planschen Schwimmbad.<\/span><\/p>\n<p>&nbsp;<\/p>\n<p><i><span style=\"font-weight: 400;\">Landschaftsg\u00e4rten<\/span><\/i><\/p>\n<p><span style=\"font-weight: 400;\">Schlendern Sie durch die \u00fcppigen, gr\u00fcnen G\u00e4rten mit \u00fcppigen einheimischen Pflanzen. Eine Oase der Ruhe, in der der Duft von bl\u00fchendem Jasmin und das sanfte Ger\u00e4usch pl\u00e4tschernden Wassers Ihre Sinne beruhigen.<\/span><\/p>\n<p><i><span style=\"font-weight: 400;\">Fitnesscenter und Spa<\/span><\/i><\/p>\n<p><span style=\"font-weight: 400;\">Ein voll ausgestattetes Fitnessstudio und Spa steht Ihnen t\u00e4glich zur Verf\u00fcgung. Bleiben Sie fit und entspannt mit modernsten Fitnessger\u00e4ten und einem ruhigen Spa-Bereich, in dem Sie dem Trubel entfliehen k\u00f6nnen.<\/span><\/p>\n<p><i><span style=\"font-weight: 400;\">Sicherheits- und Concierge-Service<\/span><\/i><\/p>\n<p><span style=\"font-weight: 400;\">Erleben Sie Sicherheit mit 24-Stunden-Sicherheit und einem engagierten Concierge-Service, der alle Ihre Bed\u00fcrfnisse erf\u00fcllt, von Restaurantbuchungen bis hin zu Transportarrangements.<\/span><\/p>\n<p>&nbsp;<\/p>\n<p><b><i>Apartments und Penth\u00e4user \u2013 2 bis 4 Schlafzimmer<\/i><\/b><\/p>\n<p><span style=\"font-weight: 400;\">Dieser exklusive Apartmentkomplex verf\u00fcgt \u00fcber hochmoderne Annehmlichkeiten, die auf den anspruchsvollen Menschen zugeschnitten sind. Von 2 bis 4 Schlafzimmern, Apartments und Penth\u00e4usern, mit ger\u00e4umigen Innenr\u00e4umen bis zu 195 m2 und fantastischen Terrassen bis zu 189 m2 ist jedes Apartment ein Beweis f\u00fcr zeitgen\u00f6ssisches Design und Eleganz. Bei allen H\u00e4usern ist mindestens ein Parkplatz und ein Lagerraum im Preis inbegriffen. Unsere Gemeinschaftsbereiche sind nicht weniger beeindruckend. Tauchen Sie ein in hochmoderne Einrichtungen wie einen speziellen Coworking-Bereich f\u00fcr moderne Berufst\u00e4tige, Ladestationen f\u00fcr Elektrofahrzeuge f\u00fcr umweltbewusste Menschen, einen beheizten Innenpool und ein voll ausgestattetes Fitnessstudio und Spa. Der Komplex ist vollst\u00e4ndig geschlossen und verf\u00fcgt \u00fcber einen sicheren Eingang und ein Kontrolltor.<\/span><\/p>\n<p><b><i>Preise Beach Resort Salvia San Pedro<\/i><\/b><\/p>\n<pre><span style=\"font-weight: 400;\">Okt\/2025 Die Kaufpreise (zzgl. 10% MwSt.) und m\u00b2 betragen:<\/span><\/pre>\n<ul>\n<li style=\"font-weight: 400;\" aria-level=\"1\">\n<p style=\"font-weight: 400;\"><strong>Die Apartments mit zwei Schlafzimmern und zwei B\u00e4dern bieten 80 m\u00b2 Wohnfl\u00e4che und eine 15 m\u00b2 gro\u00dfe Terrasse. Die Preise beginnen bei 630.000 \u20ac.<\/strong><\/p>\n<\/li>\n<li style=\"font-weight: 400;\" aria-level=\"1\">\n<p style=\"font-weight: 400;\"><strong>Die Apartments mit 3 Schlafzimmern und 2 B\u00e4dern bieten 113 m\u00b2 Wohnfl\u00e4che und eine 20 m\u00b2 gro\u00dfe Terrasse. Die Preise beginnen bei 845.000 \u20ac.<\/strong><\/p>\n<\/li>\n<li style=\"font-weight: 400;\" aria-level=\"1\">\n<p style=\"font-weight: 400;\"><strong>Die Apartments mit 4 Schlafzimmern und 3 B\u00e4dern bieten 162 m\u00b2 Wohnfl\u00e4che und 28 m\u00b2 Terrasse. Die Preise beginnen bei 975.000 \u20ac.<\/strong><\/p>\n<\/li>\n<li style=\"font-weight: 400;\" aria-level=\"1\">\n<p style=\"font-weight: 400;\"><strong>Die Penth\u00e4user mit 3 Schlafzimmern und 2 B\u00e4dern bieten 114 m\u00b2 Wohnfl\u00e4che und eine 35 m\u00b2 gro\u00dfe Terrasse. Die Preise beginnen bei 1.150.000 \u20ac.<\/strong><\/p>\n<\/li>\n<\/ul>\n<\/div>\n\n\t\t<\/div>\n\t<\/div>\n\n\t\t<\/div>\n\t<\/div>\n\t<\/div>\n\n<\/div>\n<\/div>\n\n<div  class=\"content_row row page-content vc_row wpb_row  default-style fullwidth\" style=\"background-color: #bbac8c;\">\n\t\n\t<div class=\"content_row_wrapper  default\" >\n\t<div id=\"asdasd\" class=\"vc_col-sm-12 wpb_column vc_column_container\" >\n\t<div class=\"vc_column-inner\">\n\t\t<div class=\"wpb_wrapper\" >\n\t\t\t<div class=\"rt_heading_wrapper no-style\">\n\t\t\t\t\t\t<h1 class=\"rt_heading  no-style\"  style=\"font-size:24px;margin-top:24px;margin-bottom:0px;\">Merkmale - <span class=\"after_h1 white\">SALVIA SAN PEDR\u00c9<\/span><\/h1> \n\t\t\t\t\t<\/div><div class=\"vc_empty_space\"   style=\"height: 32px\"><span class=\"vc_empty_space_inner\"><\/span><\/div><div class=\"vc_separator wpb_content_element vc_separator_align_center vc_sep_width_100 vc_sep_style-4 vc_sep_pos_align_center vc_separator_no_text vc_sep_color_grey\" ><span class=\"vc_sep_holder vc_sep_holder_l\"><span class=\"vc_sep_line\"><\/span><\/span><span class=\"vc_sep_holder vc_sep_holder_r\"><span class=\"vc_sep_line\"><\/span><\/span>\n<\/div>\n\t<div class=\"wpb_text_column wpb_content_element\" >\n\t\t<div class=\"wpb_wrapper\">\n\t\t\t\t \n\t\t<div  class=\"bullet-list style-1  check\">\n\t\t<ul>\n<li><span style=\"font-weight: 400;\">Premium-Luxus-Apartmentkomplex<\/span><\/li>\n<li><span style=\"font-weight: 400;\">gro\u00dfz\u00fcgige Innenr\u00e4ume bis 195 m2 und fantastische Terrassen bis 189 m2<\/span><\/li>\n<li>2, 3 und 4 Schlafzimmer<\/li>\n<li><span style=\"font-weight: 400;\">ger\u00e4umig mit hohen Decken und gro\u00dfen Fenstern<\/span><\/li>\n<li><span style=\"font-weight: 400;\">gr\u00fcne G\u00e4rten mit \u00fcppigen einheimischen Pflanzen<\/span><\/li>\n<li><span style=\"font-weight: 400;\">mindestens ein Parkplatz<\/span><\/li>\n<li>Preise ab 540.000 \u20ac.<\/li>\n<\/ul>\n\n\t\t<\/div>\n\t\n\n\t\t<\/div>\n\t<\/div>\n\n\t\t<\/div>\n\t<\/div>\n\t<\/div>\n\n<\/div>\n<\/div>\n\n<div  class=\"content_row row quote-row vc_row wpb_row  default-style fullwidth\" style=\"background-color: #fcfcfc;\">\n\t\n\t<div class=\"content_row_wrapper  fullwidth\" >\n\t<div id=\"asdasd\" class=\"vc_col-sm-12 wpb_column vc_column_container vc_custom_1644925648982\" >\n\t<div class=\"vc_column-inner\">\n\t\t<div class=\"wpb_wrapper\" >\n\t\t\t<div class=\"rt_heading_wrapper style-3\">\n\t\t\t\t\t\t<h4 class=\"rt_heading serif quote-max-width style-3\" >Informationspaket SALVIA SAN PEDRO <a href=\"https:\/\/salvia-sanpedro.com\/de\/mehr-informationen\/\"> Fordern Sie Prospekt und Preisliste an <\/a><\/h4> \n\t\t\t\t\t<\/div>\n\t\t<\/div>\n\t<\/div>\n\t<\/div>\n\n<\/div>\n<\/div>\n\n<div  class=\"content_row row vc_row wpb_row  default-style fullwidth\" >\n\t\n\t<div class=\"content_row_wrapper  default\" >\n\t<div id=\"asdasd\" class=\"vc_col-sm-12 wpb_column vc_column_container\" >\n\t<div class=\"vc_column-inner\">\n\t\t<div class=\"wpb_wrapper\" >\n\t\t\t<div class=\"button_wrapper aligncenter\"><a  href=\"\/de\/mehr-informationen\/\" target=\"_self\" title=\"&gt; mehr Infos\" class=\"button_  style-2 small\">&gt; mehr Infos<\/a><\/div>\n\t\t<\/div>\n\t<\/div>\n\t<\/div>\n\n<\/div>\n<\/div>\n<\/section>","protected":false},"excerpt":{"rendered":"<p>\u2026 <a class=\"more-link\" href=\"https:\/\/salvia-sanpedro.com\/de\/der-komplex\/\">Weiterlesen<\/a><\/p>","protected":false},"author":1,"featured_media":4295,"parent":0,"menu_order":3,"comment_status":"closed","ping_status":"closed","template":"","meta":{"footnotes":""},"class_list":["post-95","page","type-page","status-publish","has-post-thumbnail","hentry"],"yoast_head":"<!-- This site is optimized with the Yoast SEO plugin v26.0 - https:\/\/yoast.com\/wordpress\/plugins\/seo\/ -->\n<title>Salvia San Pedro - Salvia - San Pedro<\/title>\n<meta name=\"robots\" content=\"index, follow, max-snippet:-1, max-image-preview:large, max-video-preview:-1\" \/>\n<link rel=\"canonical\" href=\"https:\/\/salvia-sanpedro.com\/de\/der-komplex\/\" \/>\n<meta property=\"og:locale\" content=\"de_DE\" \/>\n<meta property=\"og:type\" content=\"article\" \/>\n<meta property=\"og:title\" content=\"Salvia San Pedro - Salvia - San Pedro\" \/>\n<meta property=\"og:url\" content=\"https:\/\/salvia-sanpedro.com\/de\/der-komplex\/\" \/>\n<meta property=\"og:site_name\" content=\"Salvia - San Pedro\" \/>\n<meta property=\"article:modified_time\" content=\"2026-03-05T19:10:23+00:00\" \/>\n<meta property=\"og:image\" content=\"https:\/\/salvia-sanpedro.com\/wp-content\/uploads\/sites\/33\/2022\/03\/apartments-salvia-san-pedro-living-terrace.jpg\" \/>\n\t<meta property=\"og:image:width\" content=\"1920\" \/>\n\t<meta property=\"og:image:height\" content=\"1034\" \/>\n\t<meta property=\"og:image:type\" content=\"image\/jpeg\" \/>\n<meta name=\"twitter:card\" content=\"summary_large_image\" \/>\n<meta name=\"twitter:label1\" content=\"Gesch\u00e4tzte Lesezeit\" \/>\n\t<meta name=\"twitter:data1\" content=\"6\u00a0Minuten\" \/>\n<script type=\"application\/ld+json\" class=\"yoast-schema-graph\">{\"@context\":\"https:\/\/schema.org\",\"@graph\":[{\"@type\":\"WebPage\",\"@id\":\"https:\/\/salvia-sanpedro.com\/het-complex\/\",\"url\":\"https:\/\/salvia-sanpedro.com\/het-complex\/\",\"name\":\"Salvia San Pedro - Salvia - San Pedro\",\"isPartOf\":{\"@id\":\"https:\/\/salvia-sanpedro.com\/#website\"},\"primaryImageOfPage\":{\"@id\":\"https:\/\/salvia-sanpedro.com\/het-complex\/#primaryimage\"},\"image\":{\"@id\":\"https:\/\/salvia-sanpedro.com\/het-complex\/#primaryimage\"},\"thumbnailUrl\":\"https:\/\/salvia-sanpedro.com\/wp-content\/uploads\/sites\/33\/2022\/03\/apartments-salvia-san-pedro-living-terrace.jpg\",\"datePublished\":\"2022-01-27T10:58:29+00:00\",\"dateModified\":\"2026-03-05T19:10:23+00:00\",\"breadcrumb\":{\"@id\":\"https:\/\/salvia-sanpedro.com\/het-complex\/#breadcrumb\"},\"inLanguage\":\"de\",\"potentialAction\":[{\"@type\":\"ReadAction\",\"target\":[\"https:\/\/salvia-sanpedro.com\/het-complex\/\"]}]},{\"@type\":\"ImageObject\",\"inLanguage\":\"de\",\"@id\":\"https:\/\/salvia-sanpedro.com\/het-complex\/#primaryimage\",\"url\":\"https:\/\/salvia-sanpedro.com\/wp-content\/uploads\/sites\/33\/2022\/03\/apartments-salvia-san-pedro-living-terrace.jpg\",\"contentUrl\":\"https:\/\/salvia-sanpedro.com\/wp-content\/uploads\/sites\/33\/2022\/03\/apartments-salvia-san-pedro-living-terrace.jpg\",\"width\":1920,\"height\":1034},{\"@type\":\"BreadcrumbList\",\"@id\":\"https:\/\/salvia-sanpedro.com\/het-complex\/#breadcrumb\",\"itemListElement\":[{\"@type\":\"ListItem\",\"position\":1,\"name\":\"Home\",\"item\":\"https:\/\/salvia-sanpedro.com\/\"},{\"@type\":\"ListItem\",\"position\":2,\"name\":\"Salvia San Pedro\"}]},{\"@type\":\"WebSite\",\"@id\":\"https:\/\/salvia-sanpedro.com\/#website\",\"url\":\"https:\/\/salvia-sanpedro.com\/\",\"name\":\"Salvia - San Pedro\",\"description\":\"\",\"potentialAction\":[{\"@type\":\"SearchAction\",\"target\":{\"@type\":\"EntryPoint\",\"urlTemplate\":\"https:\/\/salvia-sanpedro.com\/?s={search_term_string}\"},\"query-input\":{\"@type\":\"PropertyValueSpecification\",\"valueRequired\":true,\"valueName\":\"search_term_string\"}}],\"inLanguage\":\"de\"}]}<\/script>\n<!-- \/ Yoast SEO plugin. -->","yoast_head_json":{"title":"Salvia San Pedro - Salvia - San Pedro","robots":{"index":"index","follow":"follow","max-snippet":"max-snippet:-1","max-image-preview":"max-image-preview:large","max-video-preview":"max-video-preview:-1"},"canonical":"https:\/\/salvia-sanpedro.com\/de\/der-komplex\/","og_locale":"de_DE","og_type":"article","og_title":"Salvia San Pedro - Salvia - San Pedro","og_url":"https:\/\/salvia-sanpedro.com\/de\/der-komplex\/","og_site_name":"Salvia - San Pedro","article_modified_time":"2026-03-05T19:10:23+00:00","og_image":[{"width":1920,"height":1034,"url":"https:\/\/salvia-sanpedro.com\/wp-content\/uploads\/sites\/33\/2022\/03\/apartments-salvia-san-pedro-living-terrace.jpg","type":"image\/jpeg"}],"twitter_card":"summary_large_image","twitter_misc":{"Gesch\u00e4tzte Lesezeit":"6\u00a0Minuten"},"schema":{"@context":"https:\/\/schema.org","@graph":[{"@type":"WebPage","@id":"https:\/\/salvia-sanpedro.com\/het-complex\/","url":"https:\/\/salvia-sanpedro.com\/het-complex\/","name":"Salvia San Pedro - Salvia - San Pedro","isPartOf":{"@id":"https:\/\/salvia-sanpedro.com\/#website"},"primaryImageOfPage":{"@id":"https:\/\/salvia-sanpedro.com\/het-complex\/#primaryimage"},"image":{"@id":"https:\/\/salvia-sanpedro.com\/het-complex\/#primaryimage"},"thumbnailUrl":"https:\/\/salvia-sanpedro.com\/wp-content\/uploads\/sites\/33\/2022\/03\/apartments-salvia-san-pedro-living-terrace.jpg","datePublished":"2022-01-27T10:58:29+00:00","dateModified":"2026-03-05T19:10:23+00:00","breadcrumb":{"@id":"https:\/\/salvia-sanpedro.com\/het-complex\/#breadcrumb"},"inLanguage":"de","potentialAction":[{"@type":"ReadAction","target":["https:\/\/salvia-sanpedro.com\/het-complex\/"]}]},{"@type":"ImageObject","inLanguage":"de","@id":"https:\/\/salvia-sanpedro.com\/het-complex\/#primaryimage","url":"https:\/\/salvia-sanpedro.com\/wp-content\/uploads\/sites\/33\/2022\/03\/apartments-salvia-san-pedro-living-terrace.jpg","contentUrl":"https:\/\/salvia-sanpedro.com\/wp-content\/uploads\/sites\/33\/2022\/03\/apartments-salvia-san-pedro-living-terrace.jpg","width":1920,"height":1034},{"@type":"BreadcrumbList","@id":"https:\/\/salvia-sanpedro.com\/het-complex\/#breadcrumb","itemListElement":[{"@type":"ListItem","position":1,"name":"Home","item":"https:\/\/salvia-sanpedro.com\/"},{"@type":"ListItem","position":2,"name":"Salvia San Pedro"}]},{"@type":"WebSite","@id":"https:\/\/salvia-sanpedro.com\/#website","url":"https:\/\/salvia-sanpedro.com\/","name":"Salvia - San Pedro","description":"","potentialAction":[{"@type":"SearchAction","target":{"@type":"EntryPoint","urlTemplate":"https:\/\/salvia-sanpedro.com\/?s={search_term_string}"},"query-input":{"@type":"PropertyValueSpecification","valueRequired":true,"valueName":"search_term_string"}}],"inLanguage":"de"}]}},"_links":{"self":[{"href":"https:\/\/salvia-sanpedro.com\/de\/wp-json\/wp\/v2\/pages\/95","targetHints":{"allow":["GET"]}}],"collection":[{"href":"https:\/\/salvia-sanpedro.com\/de\/wp-json\/wp\/v2\/pages"}],"about":[{"href":"https:\/\/salvia-sanpedro.com\/de\/wp-json\/wp\/v2\/types\/page"}],"author":[{"embeddable":true,"href":"https:\/\/salvia-sanpedro.com\/de\/wp-json\/wp\/v2\/users\/1"}],"replies":[{"embeddable":true,"href":"https:\/\/salvia-sanpedro.com\/de\/wp-json\/wp\/v2\/comments?post=95"}],"version-history":[{"count":54,"href":"https:\/\/salvia-sanpedro.com\/de\/wp-json\/wp\/v2\/pages\/95\/revisions"}],"predecessor-version":[{"id":4346,"href":"https:\/\/salvia-sanpedro.com\/de\/wp-json\/wp\/v2\/pages\/95\/revisions\/4346"}],"wp:featuredmedia":[{"embeddable":true,"href":"https:\/\/salvia-sanpedro.com\/de\/wp-json\/wp\/v2\/media\/4295"}],"wp:attachment":[{"href":"https:\/\/salvia-sanpedro.com\/de\/wp-json\/wp\/v2\/media?parent=95"}],"curies":[{"name":"wp","href":"https:\/\/api.w.org\/{rel}","templated":true}]}}